{"id":382,"date":"2025-03-03T12:58:37","date_gmt":"2025-03-03T12:58:37","guid":{"rendered":"https:\/\/hotelbrandoli.ms2.decms.eu\/?page_id=382"},"modified":"2025-04-08T12:32:20","modified_gmt":"2025-04-08T12:32:20","slug":"opera-festival-2025","status":"publish","type":"page","link":"https:\/\/www.hotelbrandoli.it\/fr\/arene-de-verone\/opera-festival-2025\/","title":{"rendered":"Opera Festival 2025"},"content":{"rendered":"<p style=\"text-align: center;\"><strong>102\u00b0 Arena di Verona<\/strong><br \/>\n<strong>Opera Festival 2025<\/strong><\/p>\n<p style=\"text-align: center;\"><strong>Nabucco<\/strong><\/p>\n<p style=\"text-align: center;\">di Giuseppe Verdi | Nuova Produzione<\/p>\n<p style=\"text-align: center;\">13, 14, 21, 28 juin 21h30<br \/>\n10, 17, 24, 31 juillet 21 h 15<br \/>\n9, 16, 21 ao\u00fbt 21 heures<br \/>\n5 septembre 21 heures<\/p>\n<p style=\"text-align: center;\"><strong>Aida<\/strong><\/p>\n<p style=\"text-align: center;\">di Giuseppe Verdi | Regia e scene Stefano Poda<\/p>\n<p style=\"text-align: center;\">20, 29 juin \u00e0 21h30<br \/>\n6, 13, 16, 20, 27 juillet \u00e0 21h15<br \/>\n1er, 10, 17, 24, 28 ao\u00fbt \u00e0 21 heures<br \/>\n4 septembre \u00e0 21 heures<\/p>\n<p style=\"text-align: center;\"><strong>La Traviata<\/strong><\/p>\n<p style=\"text-align: center;\">di Giuseppe Verdi | Regia e scene Hugo de Ana<\/p>\n<p style=\"text-align: center;\">27 juin \u00e0 21h30<br \/>\n5, 11, 19, 25 juillet \u00e0 21h15<br \/>\n2 ao\u00fbt \u00e0 21 heures<\/p>\n<p style=\"text-align: center;\"><strong>Carmen<\/strong><br \/>\ndi Georges Bizet | Regia e scene Franco Zeffirelli<\/p>\n<p style=\"text-align: center;\">4, 12, 17, 26 juillet 21 h 15<br \/>\n14, 23, 29 ao\u00fbt 21 heures<br \/>\n3 septembre 21 heures<\/p>\n<p style=\"text-align: center;\"><strong>Roberto Bolle and Friends<\/strong><br \/>\nin coproduzione con artedanzasrl<\/p>\n<p style=\"text-align: center;\">22, 23 juillet \u00e0 21h30<\/p>\n<p style=\"text-align: center;\"><strong>Rigoletto<\/strong><br \/>\ndi Giuseppe Verdi<\/p>\n<p style=\"text-align: center;\">8, 22, 30 ao\u00fbt, 21 heures<br \/>\n6 septembre, 21 heures<\/p>\n<p style=\"text-align: center;\"><strong>Jonas Kaufmann in Opera<\/strong><\/p>\n<p style=\"text-align: center;\">3 ao\u00fbt 21 heures<\/p>\n<p style=\"text-align: center;\"><strong>Carmina Burana di Carl Orff<\/strong><\/p>\n<p style=\"text-align: center;\">15 ao\u00fbt 21h30<\/p>\n","protected":false},"excerpt":{"rendered":"<p>102\u00b0 Arena di Verona Opera Festival 2025 Nabucco di Giuseppe Verdi | Nuova Produzione 13, 14, 21, 28 juin 21h30 10, 17, 24, 31 juillet 21 h 15 9, 16, 21 ao\u00fbt 21 heures 5 septembre 21 heures Aida di Giuseppe Verdi | Regia e scene Stefano Poda 20, 29 juin \u00e0 21h30 6, 13, [&hellip;]<\/p>\n","protected":false},"author":26,"featured_media":0,"parent":369,"menu_order":20,"comment_status":"closed","ping_status":"closed","template":"template-default-3.php","meta":{"footnotes":""},"class_list":["post-382","page","type-page","status-publish","hentry"],"yoast_head":"<!-- This site is optimized with the Yoast SEO plugin v27.3 - https:\/\/yoast.com\/product\/yoast-seo-wordpress\/ -->\n<title>Opera Festival 2025 - Hotel Brandoli -<\/title>\n<meta name=\"description\" content=\"102\u00b0 Arena di Verona Opera Festival 2025 Nabucco di Giuseppe Verdi | Nuova Produzione 13, 14, 21, 28 juin 21h30 10, 17, 24, 31 juillet 21 h 15 9, 16, 21 ao\u00fbt 21 heures 5 septembre 21 heures Aida di Giuseppe Verdi | Regia e scene Stefano Poda 20, 29 juin \u00e0 21h30 6, 13, 16, 20, 27 juillet \u00e0 21h15 1er, 10, 17, 24, 28 ao\u00fbt \u00e0 21 heures 4 septembre \u00e0 21 heures La Traviata di Giuseppe Verdi | Regia e scene Hugo de Ana 27 juin \u00e0 21h30 5, 11, 19, 25 juillet \u00e0 21h15 2 ao\u00fbt \u00e0 21 heures Carmen di Georges Bizet | Regia e scene Franco Zeffirelli 4, 12, 17, 26 juillet 21 h 15 14, 23, 29 ao\u00fbt 21 heures 3 septembre 21 heures Roberto Bolle and Friends in coproduzione con artedanzasrl 22, 23 juillet \u00e0 21h30 Rigoletto di Giuseppe Verdi 8, 22, 30 ao\u00fbt, 21 heures 6 septembre, 21 heures Jonas Kaufmann in Opera 3 ao\u00fbt 21 heures Carmina Burana di Carl Orff 15 ao\u00fbt 21h30.\" \/>\n<meta name=\"robots\" content=\"index, follow, max-snippet:-1, max-image-preview:large, max-video-preview:-1\" \/>\n<link rel=\"canonical\" href=\"https:\/\/www.hotelbrandoli.it\/fr\/arene-de-verone\/opera-festival-2025\/\" \/>\n<meta property=\"og:locale\" content=\"fr_FR\" \/>\n<meta property=\"og:type\" content=\"article\" \/>\n<meta property=\"og:title\" content=\"Opera Festival 2025 - Hotel Brandoli -\" \/>\n<meta property=\"og:description\" content=\"102\u00b0 Arena di Verona Opera Festival 2025 Nabucco di Giuseppe Verdi | Nuova Produzione 13, 14, 21, 28 juin 21h30 10, 17, 24, 31 juillet 21 h 15 9, 16, 21 ao\u00fbt 21 heures 5 septembre 21 heures Aida di Giuseppe Verdi | Regia e scene Stefano Poda 20, 29 juin \u00e0 21h30 6, 13, 16, 20, 27 juillet \u00e0 21h15 1er, 10, 17, 24, 28 ao\u00fbt \u00e0 21 heures 4 septembre \u00e0 21 heures La Traviata di Giuseppe Verdi | Regia e scene Hugo de Ana 27 juin \u00e0 21h30 5, 11, 19, 25 juillet \u00e0 21h15 2 ao\u00fbt \u00e0 21 heures Carmen di Georges Bizet | Regia e scene Franco Zeffirelli 4, 12, 17, 26 juillet 21 h 15 14, 23, 29 ao\u00fbt 21 heures 3 septembre 21 heures Roberto Bolle and Friends in coproduzione con artedanzasrl 22, 23 juillet \u00e0 21h30 Rigoletto di Giuseppe Verdi 8, 22, 30 ao\u00fbt, 21 heures 6 septembre, 21 heures Jonas Kaufmann in Opera 3 ao\u00fbt 21 heures Carmina Burana di Carl Orff 15 ao\u00fbt 21h30.\" \/>\n<meta property=\"og:url\" content=\"https:\/\/www.hotelbrandoli.it\/fr\/arene-de-verone\/opera-festival-2025\/\" \/>\n<meta property=\"og:site_name\" content=\"Hotel Brandoli\" \/>\n<meta property=\"article:publisher\" content=\"https:\/\/www.facebook.com\/hotelbrandoli.verona\/\" \/>\n<meta property=\"article:modified_time\" content=\"2025-04-08T12:32:20+00:00\" \/>\n<meta name=\"twitter:card\" content=\"summary_large_image\" \/>\n<meta name=\"twitter:label1\" content=\"Dur\u00e9e de lecture estim\u00e9e\" \/>\n\t<meta name=\"twitter:data1\" content=\"1 minute\" \/>\n<script type=\"application\/ld+json\" class=\"yoast-schema-graph\">{\"@context\":\"https:\\\/\\\/schema.org\",\"@graph\":[{\"@type\":\"WebPage\",\"@id\":\"https:\\\/\\\/www.hotelbrandoli.it\\\/fr\\\/arene-de-verone\\\/opera-festival-2025\\\/\",\"url\":\"https:\\\/\\\/www.hotelbrandoli.it\\\/fr\\\/arene-de-verone\\\/opera-festival-2025\\\/\",\"name\":\"Opera Festival 2025 - Hotel Brandoli -\",\"isPartOf\":{\"@id\":\"https:\\\/\\\/www.hotelbrandoli.it\\\/fr\\\/#website\"},\"datePublished\":\"2025-03-03T12:58:37+00:00\",\"dateModified\":\"2025-04-08T12:32:20+00:00\",\"description\":\"102\u00b0 Arena di Verona Opera Festival 2025 Nabucco di Giuseppe Verdi | Nuova Produzione 13, 14, 21, 28 juin 21h30 10, 17, 24, 31 juillet 21 h 15 9, 16, 21 ao\u00fbt 21 heures 5 septembre 21 heures Aida di Giuseppe Verdi | Regia e scene Stefano Poda 20, 29 juin \u00e0 21h30 6, 13, 16, 20, 27 juillet \u00e0 21h15 1er, 10, 17, 24, 28 ao\u00fbt \u00e0 21 heures 4 septembre \u00e0 21 heures La Traviata di Giuseppe Verdi | Regia e scene Hugo de Ana 27 juin \u00e0 21h30 5, 11, 19, 25 juillet \u00e0 21h15 2 ao\u00fbt \u00e0 21 heures Carmen di Georges Bizet | Regia e scene Franco Zeffirelli 4, 12, 17, 26 juillet 21 h 15 14, 23, 29 ao\u00fbt 21 heures 3 septembre 21 heures Roberto Bolle and Friends in coproduzione con artedanzasrl 22, 23 juillet \u00e0 21h30 Rigoletto di Giuseppe Verdi 8, 22, 30 ao\u00fbt, 21 heures 6 septembre, 21 heures Jonas Kaufmann in Opera 3 ao\u00fbt 21 heures Carmina Burana di Carl Orff 15 ao\u00fbt 21h30 .\",\"breadcrumb\":{\"@id\":\"https:\\\/\\\/www.hotelbrandoli.it\\\/fr\\\/arene-de-verone\\\/opera-festival-2025\\\/#breadcrumb\"},\"inLanguage\":\"fr-FR\",\"potentialAction\":[{\"@type\":\"ReadAction\",\"target\":[\"https:\\\/\\\/www.hotelbrandoli.it\\\/fr\\\/arene-de-verone\\\/opera-festival-2025\\\/\"]}]},{\"@type\":\"BreadcrumbList\",\"@id\":\"https:\\\/\\\/www.hotelbrandoli.it\\\/fr\\\/arene-de-verone\\\/opera-festival-2025\\\/#breadcrumb\",\"itemListElement\":[{\"@type\":\"ListItem\",\"position\":1,\"name\":\"Home\",\"item\":\"https:\\\/\\\/www.hotelbrandoli.it\\\/fr\\\/\"},{\"@type\":\"ListItem\",\"position\":2,\"name\":\"Ar\u00e8ne de V\u00e9rone\",\"item\":\"https:\\\/\\\/www.hotelbrandoli.it\\\/fr\\\/arena-di-verona\\\/\"},{\"@type\":\"ListItem\",\"position\":3,\"name\":\"Opera Festival 2025\"}]},{\"@type\":\"WebSite\",\"@id\":\"https:\\\/\\\/www.hotelbrandoli.it\\\/fr\\\/#website\",\"url\":\"https:\\\/\\\/www.hotelbrandoli.it\\\/fr\\\/\",\"name\":\"Hotel Brandoli\",\"description\":\"\",\"publisher\":{\"@id\":\"https:\\\/\\\/www.hotelbrandoli.it\\\/fr\\\/#organization\"},\"potentialAction\":[{\"@type\":\"SearchAction\",\"target\":{\"@type\":\"EntryPoint\",\"urlTemplate\":\"https:\\\/\\\/www.hotelbrandoli.it\\\/fr\\\/?s={search_term_string}\"},\"query-input\":{\"@type\":\"PropertyValueSpecification\",\"valueRequired\":true,\"valueName\":\"search_term_string\"}}],\"inLanguage\":\"fr-FR\"},{\"@type\":\"Organization\",\"@id\":\"https:\\\/\\\/www.hotelbrandoli.it\\\/fr\\\/#organization\",\"name\":\"Hotel Brandoli\",\"url\":\"https:\\\/\\\/www.hotelbrandoli.it\\\/fr\\\/\",\"logo\":{\"@type\":\"ImageObject\",\"inLanguage\":\"fr-FR\",\"@id\":\"https:\\\/\\\/www.hotelbrandoli.it\\\/fr\\\/#\\\/schema\\\/logo\\\/image\\\/\",\"url\":\"https:\\\/\\\/www.hotelbrandoli.it\\\/wp-content\\\/uploads\\\/sites\\\/220\\\/2025\\\/02\\\/logo_brandoli_oriz_c.svg\",\"contentUrl\":\"https:\\\/\\\/www.hotelbrandoli.it\\\/wp-content\\\/uploads\\\/sites\\\/220\\\/2025\\\/02\\\/logo_brandoli_oriz_c.svg\",\"width\":800,\"height\":152,\"caption\":\"Hotel Brandoli\"},\"image\":{\"@id\":\"https:\\\/\\\/www.hotelbrandoli.it\\\/fr\\\/#\\\/schema\\\/logo\\\/image\\\/\"},\"sameAs\":[\"https:\\\/\\\/www.facebook.com\\\/hotelbrandoli.verona\\\/\"]}]}<\/script>\n<!-- \/ Yoast SEO plugin. -->","yoast_head_json":{"title":"Opera Festival 2025 - Hotel Brandoli -","description":"102\u00b0 Arena di Verona Opera Festival 2025 Nabucco di Giuseppe Verdi | Nuova Produzione 13, 14, 21, 28 juin 21h30 10, 17, 24, 31 juillet 21 h 15 9, 16, 21 ao\u00fbt 21 heures 5 septembre 21 heures Aida di Giuseppe Verdi | Regia e scene Stefano Poda 20, 29 juin \u00e0 21h30 6, 13, 16, 20, 27 juillet \u00e0 21h15 1er, 10, 17, 24, 28 ao\u00fbt \u00e0 21 heures 4 septembre \u00e0 21 heures La Traviata di Giuseppe Verdi | Regia e scene Hugo de Ana 27 juin \u00e0 21h30 5, 11, 19, 25 juillet \u00e0 21h15 2 ao\u00fbt \u00e0 21 heures Carmen di Georges Bizet | Regia e scene Franco Zeffirelli 4, 12, 17, 26 juillet 21 h 15 14, 23, 29 ao\u00fbt 21 heures 3 septembre 21 heures Roberto Bolle and Friends in coproduzione con artedanzasrl 22, 23 juillet \u00e0 21h30 Rigoletto di Giuseppe Verdi 8, 22, 30 ao\u00fbt, 21 heures 6 septembre, 21 heures Jonas Kaufmann in Opera 3 ao\u00fbt 21 heures Carmina Burana di Carl Orff 15 ao\u00fbt 21h30.","robots":{"index":"index","follow":"follow","max-snippet":"max-snippet:-1","max-image-preview":"max-image-preview:large","max-video-preview":"max-video-preview:-1"},"canonical":"https:\/\/www.hotelbrandoli.it\/fr\/arene-de-verone\/opera-festival-2025\/","og_locale":"fr_FR","og_type":"article","og_title":"Opera Festival 2025 - Hotel Brandoli -","og_description":"102\u00b0 Arena di Verona Opera Festival 2025 Nabucco di Giuseppe Verdi | Nuova Produzione 13, 14, 21, 28 juin 21h30 10, 17, 24, 31 juillet 21 h 15 9, 16, 21 ao\u00fbt 21 heures 5 septembre 21 heures Aida di Giuseppe Verdi | Regia e scene Stefano Poda 20, 29 juin \u00e0 21h30 6, 13, 16, 20, 27 juillet \u00e0 21h15 1er, 10, 17, 24, 28 ao\u00fbt \u00e0 21 heures 4 septembre \u00e0 21 heures La Traviata di Giuseppe Verdi | Regia e scene Hugo de Ana 27 juin \u00e0 21h30 5, 11, 19, 25 juillet \u00e0 21h15 2 ao\u00fbt \u00e0 21 heures Carmen di Georges Bizet | Regia e scene Franco Zeffirelli 4, 12, 17, 26 juillet 21 h 15 14, 23, 29 ao\u00fbt 21 heures 3 septembre 21 heures Roberto Bolle and Friends in coproduzione con artedanzasrl 22, 23 juillet \u00e0 21h30 Rigoletto di Giuseppe Verdi 8, 22, 30 ao\u00fbt, 21 heures 6 septembre, 21 heures Jonas Kaufmann in Opera 3 ao\u00fbt 21 heures Carmina Burana di Carl Orff 15 ao\u00fbt 21h30.","og_url":"https:\/\/www.hotelbrandoli.it\/fr\/arene-de-verone\/opera-festival-2025\/","og_site_name":"Hotel Brandoli","article_publisher":"https:\/\/www.facebook.com\/hotelbrandoli.verona\/","article_modified_time":"2025-04-08T12:32:20+00:00","twitter_card":"summary_large_image","twitter_misc":{"Dur\u00e9e de lecture estim\u00e9e":"1 minute"},"schema":{"@context":"https:\/\/schema.org","@graph":[{"@type":"WebPage","@id":"https:\/\/www.hotelbrandoli.it\/fr\/arene-de-verone\/opera-festival-2025\/","url":"https:\/\/www.hotelbrandoli.it\/fr\/arene-de-verone\/opera-festival-2025\/","name":"Opera Festival 2025 - Hotel Brandoli -","isPartOf":{"@id":"https:\/\/www.hotelbrandoli.it\/fr\/#website"},"datePublished":"2025-03-03T12:58:37+00:00","dateModified":"2025-04-08T12:32:20+00:00","description":"102\u00b0 Arena di Verona Opera Festival 2025 Nabucco di Giuseppe Verdi | Nuova Produzione 13, 14, 21, 28 juin 21h30 10, 17, 24, 31 juillet 21 h 15 9, 16, 21 ao\u00fbt 21 heures 5 septembre 21 heures Aida di Giuseppe Verdi | Regia e scene Stefano Poda 20, 29 juin \u00e0 21h30 6, 13, 16, 20, 27 juillet \u00e0 21h15 1er, 10, 17, 24, 28 ao\u00fbt \u00e0 21 heures 4 septembre \u00e0 21 heures La Traviata di Giuseppe Verdi | Regia e scene Hugo de Ana 27 juin \u00e0 21h30 5, 11, 19, 25 juillet \u00e0 21h15 2 ao\u00fbt \u00e0 21 heures Carmen di Georges Bizet | Regia e scene Franco Zeffirelli 4, 12, 17, 26 juillet 21 h 15 14, 23, 29 ao\u00fbt 21 heures 3 septembre 21 heures Roberto Bolle and Friends in coproduzione con artedanzasrl 22, 23 juillet \u00e0 21h30 Rigoletto di Giuseppe Verdi 8, 22, 30 ao\u00fbt, 21 heures 6 septembre, 21 heures Jonas Kaufmann in Opera 3 ao\u00fbt 21 heures Carmina Burana di Carl Orff 15 ao\u00fbt 21h30 .","breadcrumb":{"@id":"https:\/\/www.hotelbrandoli.it\/fr\/arene-de-verone\/opera-festival-2025\/#breadcrumb"},"inLanguage":"fr-FR","potentialAction":[{"@type":"ReadAction","target":["https:\/\/www.hotelbrandoli.it\/fr\/arene-de-verone\/opera-festival-2025\/"]}]},{"@type":"BreadcrumbList","@id":"https:\/\/www.hotelbrandoli.it\/fr\/arene-de-verone\/opera-festival-2025\/#breadcrumb","itemListElement":[{"@type":"ListItem","position":1,"name":"Home","item":"https:\/\/www.hotelbrandoli.it\/fr\/"},{"@type":"ListItem","position":2,"name":"Ar\u00e8ne de V\u00e9rone","item":"https:\/\/www.hotelbrandoli.it\/fr\/arena-di-verona\/"},{"@type":"ListItem","position":3,"name":"Opera Festival 2025"}]},{"@type":"WebSite","@id":"https:\/\/www.hotelbrandoli.it\/fr\/#website","url":"https:\/\/www.hotelbrandoli.it\/fr\/","name":"Hotel Brandoli","description":"","publisher":{"@id":"https:\/\/www.hotelbrandoli.it\/fr\/#organization"},"potentialAction":[{"@type":"SearchAction","target":{"@type":"EntryPoint","urlTemplate":"https:\/\/www.hotelbrandoli.it\/fr\/?s={search_term_string}"},"query-input":{"@type":"PropertyValueSpecification","valueRequired":true,"valueName":"search_term_string"}}],"inLanguage":"fr-FR"},{"@type":"Organization","@id":"https:\/\/www.hotelbrandoli.it\/fr\/#organization","name":"Hotel Brandoli","url":"https:\/\/www.hotelbrandoli.it\/fr\/","logo":{"@type":"ImageObject","inLanguage":"fr-FR","@id":"https:\/\/www.hotelbrandoli.it\/fr\/#\/schema\/logo\/image\/","url":"https:\/\/www.hotelbrandoli.it\/wp-content\/uploads\/sites\/220\/2025\/02\/logo_brandoli_oriz_c.svg","contentUrl":"https:\/\/www.hotelbrandoli.it\/wp-content\/uploads\/sites\/220\/2025\/02\/logo_brandoli_oriz_c.svg","width":800,"height":152,"caption":"Hotel Brandoli"},"image":{"@id":"https:\/\/www.hotelbrandoli.it\/fr\/#\/schema\/logo\/image\/"},"sameAs":["https:\/\/www.facebook.com\/hotelbrandoli.verona\/"]}]}},"acf":[],"_links":{"self":[{"href":"https:\/\/www.hotelbrandoli.it\/fr\/wp-json\/wp\/v2\/pages\/382","targetHints":{"allow":["GET"]}}],"collection":[{"href":"https:\/\/www.hotelbrandoli.it\/fr\/wp-json\/wp\/v2\/pages"}],"about":[{"href":"https:\/\/www.hotelbrandoli.it\/fr\/wp-json\/wp\/v2\/types\/page"}],"author":[{"embeddable":true,"href":"https:\/\/www.hotelbrandoli.it\/fr\/wp-json\/wp\/v2\/users\/26"}],"replies":[{"embeddable":true,"href":"https:\/\/www.hotelbrandoli.it\/fr\/wp-json\/wp\/v2\/comments?post=382"}],"version-history":[{"count":0,"href":"https:\/\/www.hotelbrandoli.it\/fr\/wp-json\/wp\/v2\/pages\/382\/revisions"}],"up":[{"embeddable":true,"href":"https:\/\/www.hotelbrandoli.it\/fr\/wp-json\/wp\/v2\/pages\/369"}],"wp:attachment":[{"href":"https:\/\/www.hotelbrandoli.it\/fr\/wp-json\/wp\/v2\/media?parent=382"}],"curies":[{"name":"wp","href":"https:\/\/api.w.org\/{rel}","templated":true}]}}