{"id":233,"date":"2025-02-25T13:16:16","date_gmt":"2025-02-25T13:16:16","guid":{"rendered":"https:\/\/hotelbrandoli.ms2.decms.eu\/?page_id=233"},"modified":"2025-03-10T13:06:36","modified_gmt":"2025-03-10T13:06:36","slug":"hotel-brandoli","status":"publish","type":"page","link":"https:\/\/www.hotelbrandoli.it\/fr\/","title":{"rendered":"H\u00f4tel Brandoli"},"content":{"rendered":"<p>Situ\u00e9 \u00e0 4 kilom\u00e8tres <strong>du centre de V\u00e9rone<\/strong> et bien desservi par les transports en commun, l\u2019H\u00d4TEL BRANDOLI est situ\u00e9 dans un petit village en pleine nature; il donne sur le Ch\u00e2teau de Montorio Veronese.<\/p>\n<p>Situ\u00e9 \u00e0 proximit\u00e9 du p\u00e9riph\u00e9rique Est, l\u2019H\u00d4TEL BRANDOLI est le point de d\u00e9part id\u00e9al pour d\u00e9couvrir les tr\u00e9sors de V\u00e9rone, le <strong>Lac de Garde<\/strong> et la montagne de V\u00e9rone Lessinia.<\/p>\n","protected":false},"excerpt":{"rendered":"<p>Situ\u00e9 \u00e0 4 kilom\u00e8tres du centre de V\u00e9rone et bien desservi par les transports en commun, l\u2019H\u00d4TEL BRANDOLI est situ\u00e9 dans un petit village en pleine nature; il donne sur le Ch\u00e2teau de Montorio Veronese. Situ\u00e9 \u00e0 proximit\u00e9 du p\u00e9riph\u00e9rique Est, l\u2019H\u00d4TEL BRANDOLI est le point de d\u00e9part id\u00e9al pour d\u00e9couvrir les tr\u00e9sors de V\u00e9rone, [&hellip;]<\/p>\n","protected":false},"author":26,"featured_media":0,"parent":0,"menu_order":10,"comment_status":"closed","ping_status":"closed","template":"","meta":{"footnotes":""},"yoast_head":"<!-- This site is optimized with the Yoast SEO plugin v22.3 - https:\/\/yoast.com\/wordpress\/plugins\/seo\/ -->\n<title>H\u00f4tel Brandoli - Hotel Brandoli -<\/title>\n<meta name=\"description\" content=\"Situ\u00e9 \u00e0 4 kilom\u00e8tres du centre de V\u00e9rone et bien desservi par les transports en commun, l\u2019H\u00d4TEL BRANDOLI est situ\u00e9 dans un petit village en pleine nature; il donne sur le Ch\u00e2teau de Montorio Veronese.  Situ\u00e9 \u00e0 proximit\u00e9 du p\u00e9riph\u00e9rique Est, l\u2019H\u00d4TEL BRANDOLI est le point de d\u00e9part id\u00e9al pour d\u00e9couvrir les tr\u00e9sors de V\u00e9rone, le Lac de Garde et la montagne de V\u00e9rone Lessinia..\" \/>\n<meta name=\"robots\" content=\"index, follow, max-snippet:-1, max-image-preview:large, max-video-preview:-1\" \/>\n<link rel=\"canonical\" href=\"https:\/\/www.hotelbrandoli.it\/fr\/\" \/>\n<meta property=\"og:locale\" content=\"fr_FR\" \/>\n<meta property=\"og:type\" content=\"article\" \/>\n<meta property=\"og:title\" content=\"H\u00f4tel Brandoli - Hotel Brandoli -\" \/>\n<meta property=\"og:description\" content=\"Situ\u00e9 \u00e0 4 kilom\u00e8tres du centre de V\u00e9rone et bien desservi par les transports en commun, l\u2019H\u00d4TEL BRANDOLI est situ\u00e9 dans un petit village en pleine nature; il donne sur le Ch\u00e2teau de Montorio Veronese.  Situ\u00e9 \u00e0 proximit\u00e9 du p\u00e9riph\u00e9rique Est, l\u2019H\u00d4TEL BRANDOLI est le point de d\u00e9part id\u00e9al pour d\u00e9couvrir les tr\u00e9sors de V\u00e9rone, le Lac de Garde et la montagne de V\u00e9rone Lessinia..\" \/>\n<meta property=\"og:url\" content=\"https:\/\/www.hotelbrandoli.it\/fr\/\" \/>\n<meta property=\"og:site_name\" content=\"Hotel Brandoli\" \/>\n<meta property=\"article:publisher\" content=\"https:\/\/www.facebook.com\/hotelbrandoli.verona\/\" \/>\n<meta property=\"article:modified_time\" content=\"2025-03-10T13:06:36+00:00\" \/>\n<meta name=\"twitter:card\" content=\"summary_large_image\" \/>\n<meta name=\"twitter:label1\" content=\"Dur\u00e9e de lecture estim\u00e9e\" \/>\n\t<meta name=\"twitter:data1\" content=\"1 minute\" \/>\n<script type=\"application\/ld+json\" class=\"yoast-schema-graph\">{\"@context\":\"https:\/\/schema.org\",\"@graph\":[{\"@type\":\"WebPage\",\"@id\":\"https:\/\/www.hotelbrandoli.it\/fr\/\",\"url\":\"https:\/\/www.hotelbrandoli.it\/fr\/\",\"name\":\"H\u00f4tel Brandoli - Hotel Brandoli -\",\"isPartOf\":{\"@id\":\"https:\/\/www.hotelbrandoli.it\/fr\/#website\"},\"datePublished\":\"2025-02-25T13:16:16+00:00\",\"dateModified\":\"2025-03-10T13:06:36+00:00\",\"description\":\"Situ\u00e9 \u00e0 4 kilom\u00e8tres du centre de V\u00e9rone et bien desservi par les transports en commun, l\u2019H\u00d4TEL BRANDOLI est situ\u00e9 dans un petit village en pleine nature; il donne sur le Ch\u00e2teau de Montorio Veronese. Situ\u00e9 \u00e0 proximit\u00e9 du p\u00e9riph\u00e9rique Est, l\u2019H\u00d4TEL BRANDOLI est le point de d\u00e9part id\u00e9al pour d\u00e9couvrir les tr\u00e9sors de V\u00e9rone, le Lac de Garde et la montagne de V\u00e9rone Lessinia..\",\"breadcrumb\":{\"@id\":\"https:\/\/www.hotelbrandoli.it\/fr\/#breadcrumb\"},\"inLanguage\":\"fr-FR\",\"potentialAction\":[{\"@type\":\"ReadAction\",\"target\":[\"https:\/\/www.hotelbrandoli.it\/fr\/\"]}]},{\"@type\":\"BreadcrumbList\",\"@id\":\"https:\/\/www.hotelbrandoli.it\/fr\/#breadcrumb\",\"itemListElement\":[{\"@type\":\"ListItem\",\"position\":1,\"name\":\"Home\",\"item\":\"https:\/\/www.hotelbrandoli.it\/fr\/\"},{\"@type\":\"ListItem\",\"position\":2,\"name\":\"H\u00f4tel Brandoli\"}]},{\"@type\":\"WebSite\",\"@id\":\"https:\/\/www.hotelbrandoli.it\/fr\/#website\",\"url\":\"https:\/\/www.hotelbrandoli.it\/fr\/\",\"name\":\"Hotel Brandoli\",\"description\":\"\",\"publisher\":{\"@id\":\"https:\/\/www.hotelbrandoli.it\/fr\/#organization\"},\"potentialAction\":[{\"@type\":\"SearchAction\",\"target\":{\"@type\":\"EntryPoint\",\"urlTemplate\":\"https:\/\/www.hotelbrandoli.it\/fr\/?s={search_term_string}\"},\"query-input\":\"required name=search_term_string\"}],\"inLanguage\":\"fr-FR\"},{\"@type\":\"Organization\",\"@id\":\"https:\/\/www.hotelbrandoli.it\/fr\/#organization\",\"name\":\"Hotel Brandoli\",\"url\":\"https:\/\/www.hotelbrandoli.it\/fr\/\",\"logo\":{\"@type\":\"ImageObject\",\"inLanguage\":\"fr-FR\",\"@id\":\"https:\/\/www.hotelbrandoli.it\/fr\/#\/schema\/logo\/image\/\",\"url\":\"https:\/\/www.hotelbrandoli.it\/wp-content\/uploads\/sites\/220\/2025\/02\/logo_brandoli_oriz_c.svg\",\"contentUrl\":\"https:\/\/www.hotelbrandoli.it\/wp-content\/uploads\/sites\/220\/2025\/02\/logo_brandoli_oriz_c.svg\",\"width\":800,\"height\":152,\"caption\":\"Hotel Brandoli\"},\"image\":{\"@id\":\"https:\/\/www.hotelbrandoli.it\/fr\/#\/schema\/logo\/image\/\"},\"sameAs\":[\"https:\/\/www.facebook.com\/hotelbrandoli.verona\/\"]}]}<\/script>\n<!-- \/ Yoast SEO plugin. -->","yoast_head_json":{"title":"H\u00f4tel Brandoli - Hotel Brandoli -","description":"Situ\u00e9 \u00e0 4 kilom\u00e8tres du centre de V\u00e9rone et bien desservi par les transports en commun, l\u2019H\u00d4TEL BRANDOLI est situ\u00e9 dans un petit village en pleine nature; il donne sur le Ch\u00e2teau de Montorio Veronese.  Situ\u00e9 \u00e0 proximit\u00e9 du p\u00e9riph\u00e9rique Est, l\u2019H\u00d4TEL BRANDOLI est le point de d\u00e9part id\u00e9al pour d\u00e9couvrir les tr\u00e9sors de V\u00e9rone, le Lac de Garde et la montagne de V\u00e9rone Lessinia..","robots":{"index":"index","follow":"follow","max-snippet":"max-snippet:-1","max-image-preview":"max-image-preview:large","max-video-preview":"max-video-preview:-1"},"canonical":"https:\/\/www.hotelbrandoli.it\/fr\/","og_locale":"fr_FR","og_type":"article","og_title":"H\u00f4tel Brandoli - Hotel Brandoli -","og_description":"Situ\u00e9 \u00e0 4 kilom\u00e8tres du centre de V\u00e9rone et bien desservi par les transports en commun, l\u2019H\u00d4TEL BRANDOLI est situ\u00e9 dans un petit village en pleine nature; il donne sur le Ch\u00e2teau de Montorio Veronese.  Situ\u00e9 \u00e0 proximit\u00e9 du p\u00e9riph\u00e9rique Est, l\u2019H\u00d4TEL BRANDOLI est le point de d\u00e9part id\u00e9al pour d\u00e9couvrir les tr\u00e9sors de V\u00e9rone, le Lac de Garde et la montagne de V\u00e9rone Lessinia..","og_url":"https:\/\/www.hotelbrandoli.it\/fr\/","og_site_name":"Hotel Brandoli","article_publisher":"https:\/\/www.facebook.com\/hotelbrandoli.verona\/","article_modified_time":"2025-03-10T13:06:36+00:00","twitter_card":"summary_large_image","twitter_misc":{"Dur\u00e9e de lecture estim\u00e9e":"1 minute"},"schema":{"@context":"https:\/\/schema.org","@graph":[{"@type":"WebPage","@id":"https:\/\/www.hotelbrandoli.it\/fr\/","url":"https:\/\/www.hotelbrandoli.it\/fr\/","name":"H\u00f4tel Brandoli - Hotel Brandoli -","isPartOf":{"@id":"https:\/\/www.hotelbrandoli.it\/fr\/#website"},"datePublished":"2025-02-25T13:16:16+00:00","dateModified":"2025-03-10T13:06:36+00:00","description":"Situ\u00e9 \u00e0 4 kilom\u00e8tres du centre de V\u00e9rone et bien desservi par les transports en commun, l\u2019H\u00d4TEL BRANDOLI est situ\u00e9 dans un petit village en pleine nature; il donne sur le Ch\u00e2teau de Montorio Veronese. Situ\u00e9 \u00e0 proximit\u00e9 du p\u00e9riph\u00e9rique Est, l\u2019H\u00d4TEL BRANDOLI est le point de d\u00e9part id\u00e9al pour d\u00e9couvrir les tr\u00e9sors de V\u00e9rone, le Lac de Garde et la montagne de V\u00e9rone Lessinia..","breadcrumb":{"@id":"https:\/\/www.hotelbrandoli.it\/fr\/#breadcrumb"},"inLanguage":"fr-FR","potentialAction":[{"@type":"ReadAction","target":["https:\/\/www.hotelbrandoli.it\/fr\/"]}]},{"@type":"BreadcrumbList","@id":"https:\/\/www.hotelbrandoli.it\/fr\/#breadcrumb","itemListElement":[{"@type":"ListItem","position":1,"name":"Home","item":"https:\/\/www.hotelbrandoli.it\/fr\/"},{"@type":"ListItem","position":2,"name":"H\u00f4tel Brandoli"}]},{"@type":"WebSite","@id":"https:\/\/www.hotelbrandoli.it\/fr\/#website","url":"https:\/\/www.hotelbrandoli.it\/fr\/","name":"Hotel Brandoli","description":"","publisher":{"@id":"https:\/\/www.hotelbrandoli.it\/fr\/#organization"},"potentialAction":[{"@type":"SearchAction","target":{"@type":"EntryPoint","urlTemplate":"https:\/\/www.hotelbrandoli.it\/fr\/?s={search_term_string}"},"query-input":"required name=search_term_string"}],"inLanguage":"fr-FR"},{"@type":"Organization","@id":"https:\/\/www.hotelbrandoli.it\/fr\/#organization","name":"Hotel Brandoli","url":"https:\/\/www.hotelbrandoli.it\/fr\/","logo":{"@type":"ImageObject","inLanguage":"fr-FR","@id":"https:\/\/www.hotelbrandoli.it\/fr\/#\/schema\/logo\/image\/","url":"https:\/\/www.hotelbrandoli.it\/wp-content\/uploads\/sites\/220\/2025\/02\/logo_brandoli_oriz_c.svg","contentUrl":"https:\/\/www.hotelbrandoli.it\/wp-content\/uploads\/sites\/220\/2025\/02\/logo_brandoli_oriz_c.svg","width":800,"height":152,"caption":"Hotel Brandoli"},"image":{"@id":"https:\/\/www.hotelbrandoli.it\/fr\/#\/schema\/logo\/image\/"},"sameAs":["https:\/\/www.facebook.com\/hotelbrandoli.verona\/"]}]}},"acf":[],"_links":{"self":[{"href":"https:\/\/www.hotelbrandoli.it\/fr\/wp-json\/wp\/v2\/pages\/233"}],"collection":[{"href":"https:\/\/www.hotelbrandoli.it\/fr\/wp-json\/wp\/v2\/pages"}],"about":[{"href":"https:\/\/www.hotelbrandoli.it\/fr\/wp-json\/wp\/v2\/types\/page"}],"author":[{"embeddable":true,"href":"https:\/\/www.hotelbrandoli.it\/fr\/wp-json\/wp\/v2\/users\/26"}],"replies":[{"embeddable":true,"href":"https:\/\/www.hotelbrandoli.it\/fr\/wp-json\/wp\/v2\/comments?post=233"}],"version-history":[{"count":0,"href":"https:\/\/www.hotelbrandoli.it\/fr\/wp-json\/wp\/v2\/pages\/233\/revisions"}],"wp:attachment":[{"href":"https:\/\/www.hotelbrandoli.it\/fr\/wp-json\/wp\/v2\/media?parent=233"}],"curies":[{"name":"wp","href":"https:\/\/api.w.org\/{rel}","templated":true}]}}