{"id":344,"date":"2025-03-03T10:08:35","date_gmt":"2025-03-03T10:08:35","guid":{"rendered":"https:\/\/hotelbrandoli.ms2.decms.eu\/?page_id=344"},"modified":"2025-03-10T16:02:53","modified_gmt":"2025-03-10T16:02:53","slug":"lessinia","status":"publish","type":"page","link":"https:\/\/www.hotelbrandoli.it\/de\/verona-und-umgebung\/lessinia\/","title":{"rendered":"Lessinia"},"content":{"rendered":"<p>Die Gebirgsregion Lessinia im n\u00f6rdlichen Teil der Provinz von Verona ist gleichbedeutend mit einer weiten Hochebene, die nach Osten hin von der Provinz von Vicenza, nach Westen hin vom Etschtal und nach Norden hin von der Valle di Ronchi begrenzt wird. 1990 wurde zudem der Regionale Naturpark der Lessinia errichtet. Er soll dem Schutz eines Gebietes dienen, das mit seinen T\u00e4lern und Bergen von unsch\u00e4tzbarem naturwissenschaftlichen Wert ist.<\/p>\n<p>Die Veroneser Gebirgsregion mit ihren s\u00fcdlich gelegenen T\u00e4lern, die sich mit der <strong>Valpantena <\/strong>bis zur Stadt Verona ausdehnen, ist eine nat\u00fcrliche Grenze zwischen dem Flachland der Poebene und der Bergwelt. Das abgestufte Gef\u00e4lle der Bergr\u00fccken (auf einer Strecke von 30 km: 100 \u2013 1800 m \u00fc. d. M.), die hohe Niederschlagsmenge im Fr\u00fchling\/Herbst in der oberen Gebirgsregion, die Eingrabungen der Sturzb\u00e4che in den Fels, die karstige D\u00fcrre der Kalkfelsen und die tausendj\u00e4hrige Arbeit der Bauern haben die Natur ver\u00e4ndert und die vielf\u00e4ltigsten Erscheinungsformen zu Tage gebracht. Mediterrane Olivenhaine und Weing\u00e4rten auf den unteren H\u00e4ngen gehen in die saftigen Obstg\u00e4rten (Kirschen und Kastanien) der mittleren Gebirgsregion \u00fcber. Auf der eigentlichen Hochebene dominieren Buchenw\u00e4lder und Alpenwiesen. Die Sediment\u00e4r- und Vulkangesteine aus den letzten 200 Millionen Jahren, als deren ber\u00fchmtestes Beispiel die Fischfossilien von<strong> Bolca<\/strong> gelten, sind antike Zeugnisse einer vielf\u00e4ltigen Natur. Die Geschichte der Lessinia beschr\u00e4nkt sich aber nicht nur auf geologische, pr\u00e4historische und ethnographische Aspekte: Kulturelle und wirtschaftliche Tradition haben auch die <strong>Herstellung von hochwertigen Milchprodukten<\/strong> und <strong>verschiedenen hiesigen K\u00e4sesorten<\/strong> sowie die Natursteinbearbeitung. Einige Steinbr\u00fcche sind noch heute in Betrieb und liefern die Gesteinsart <strong>Pietra della Lessinia<\/strong>.<\/p>\n<p>Die gr\u00f6\u00dften Ortschaften des Gebietes sind: <strong>Grezzana<\/strong>, wo die eindrucksvolle und prunkhafte <strong>Villa Arvedi<\/strong> steht, <strong>Bosco Chiesanuova<\/strong> mit seinem<strong> Ethnographischen Museum<\/strong>,<strong> Erbezzo<\/strong> mit seiner faszinierenden Flora und Fauna rund um die Alm <strong>Malga Derocon<\/strong> sowie <strong>S. Anna d\u2019Alfaedo<\/strong>. Hier befinden sich das bedeutende <strong>Pal\u00e4ontologische Museum<\/strong> und Ponte di Veja, eine majest\u00e4tische historische Br\u00fccke \u00fcber der Valpantena. Sie gilt als beinahe einzigartiges Beispiel f\u00fcr die Entstehung einer Naturbr\u00fccke aufgrund von Karsterscheinungen: Das Ammonitrot ihres Bogens und das Kalkwei\u00df ihrer Pfeiler kann man schon von weitem sehen. In der Vorgeschichte wurde sie von J\u00e4gern genutzt (einer von ihnen k\u00f6nnte der ber\u00fchmte \u201e\u00d6tzi\u201d gewesen sein, der im Gletscher des Similaun gefunden wurde). Als Beweis hierf\u00fcr dienen die Zeichen, die sie in der <strong>B\u00e4rengrotte<\/strong> und anderen H\u00f6hlen unter der Br\u00fccke hinterlassen haben. Unvergleichbar ist auch der <strong>Park der Wasserf\u00e4lle von Molina<\/strong>, eine naturwissenschaftliche Oase reich an Wasser und seltenen Pflanzen. Mit seinen Canyons, kleinen Seen und Aussichtspunkten ist der Park ein erfrischender Ort im Sommer und, dank seiner spektakul\u00e4ren gefrorenen Wasserf\u00e4lle, ein faszinierender Schauplatz im Winter.<\/p>\n<p>Die Gebirgsregion Lessinia ist dank ihrer nat\u00fcrlichen Vielfalt seit jeher f\u00fcr viele Einwohner der Poebene \u201edas Gebirge ihrer Wahl\u201d. Man kann es leicht mit \u00f6ffentlichen Verkehrsmitteln erreichen; au\u00dferdem verf\u00fcgt es \u00fcber zahlreiche Unterkunftsm\u00f6glichkeiten (Hotels, Campingpl\u00e4tzen und Ferienwohnungen). Mit den neuen Liftanlagen in San Giorgio eignet sich die Lessinia sowohl f\u00fcr den Winter- und Skisport, als auch f\u00fcr sommerliche Ausfl\u00fcge und Spazierg\u00e4nge im Gr\u00fcnen.<\/p>\n","protected":false},"excerpt":{"rendered":"<p>Die Gebirgsregion Lessinia im n\u00f6rdlichen Teil der Provinz von Verona ist gleichbedeutend mit einer weiten Hochebene, die nach Osten hin von der Provinz von Vicenza, nach Westen hin vom Etschtal und nach Norden hin von der Valle di Ronchi begrenzt wird. 1990 wurde zudem der Regionale Naturpark der Lessinia errichtet. Er soll dem Schutz eines [&hellip;]<\/p>\n","protected":false},"author":26,"featured_media":0,"parent":318,"menu_order":20,"comment_status":"closed","ping_status":"closed","template":"template-default-3.php","meta":{"footnotes":""},"yoast_head":"<!-- This site is optimized with the Yoast SEO plugin v22.3 - https:\/\/yoast.com\/wordpress\/plugins\/seo\/ -->\n<title>Lessinia - Hotel Brandoli -<\/title>\n<meta name=\"description\" content=\"Die Gebirgsregion Lessinia im n\u00f6rdlichen Teil der Provinz von Verona ist gleichbedeutend mit einer weiten Hochebene, die nach Osten hin von der Provinz von Vicenza, nach Westen hin vom Etschtal und nach Norden hin von der Valle di Ronchi begrenzt wird. 1990 wurde zudem der Regionale Naturpark der Lessinia errichtet\" \/>\n<meta name=\"robots\" content=\"index, follow, max-snippet:-1, max-image-preview:large, max-video-preview:-1\" \/>\n<link rel=\"canonical\" href=\"https:\/\/www.hotelbrandoli.it\/de\/verona-und-umgebung\/lessinia\/\" \/>\n<meta property=\"og:locale\" content=\"de_DE\" \/>\n<meta property=\"og:type\" content=\"article\" \/>\n<meta property=\"og:title\" content=\"Lessinia - Hotel Brandoli -\" \/>\n<meta property=\"og:description\" content=\"Die Gebirgsregion Lessinia im n\u00f6rdlichen Teil der Provinz von Verona ist gleichbedeutend mit einer weiten Hochebene, die nach Osten hin von der Provinz von Vicenza, nach Westen hin vom Etschtal und nach Norden hin von der Valle di Ronchi begrenzt wird. 1990 wurde zudem der Regionale Naturpark der Lessinia errichtet\" \/>\n<meta property=\"og:url\" content=\"https:\/\/www.hotelbrandoli.it\/de\/verona-und-umgebung\/lessinia\/\" \/>\n<meta property=\"og:site_name\" content=\"Hotel Brandoli\" \/>\n<meta property=\"article:publisher\" content=\"https:\/\/www.facebook.com\/hotelbrandoli.verona\/\" \/>\n<meta property=\"article:modified_time\" content=\"2025-03-10T16:02:53+00:00\" \/>\n<meta name=\"twitter:card\" content=\"summary_large_image\" \/>\n<meta name=\"twitter:label1\" content=\"Gesch\u00e4tzte Lesezeit\" \/>\n\t<meta name=\"twitter:data1\" content=\"3 Minuten\" \/>\n<script type=\"application\/ld+json\" class=\"yoast-schema-graph\">{\"@context\":\"https:\/\/schema.org\",\"@graph\":[{\"@type\":\"WebPage\",\"@id\":\"https:\/\/www.hotelbrandoli.it\/de\/verona-und-umgebung\/lessinia\/\",\"url\":\"https:\/\/www.hotelbrandoli.it\/de\/verona-und-umgebung\/lessinia\/\",\"name\":\"Lessinia - Hotel Brandoli -\",\"isPartOf\":{\"@id\":\"https:\/\/www.hotelbrandoli.it\/de\/#website\"},\"datePublished\":\"2025-03-03T10:08:35+00:00\",\"dateModified\":\"2025-03-10T16:02:53+00:00\",\"description\":\"Die Gebirgsregion Lessinia im n\u00f6rdlichen Teil der Provinz von Verona ist gleichbedeutend mit einer weiten Hochebene, die nach Osten hin von der Provinz von Vicenza, nach Westen hin vom Etschtal und nach Norden hin von der Valle di Ronchi begrenzt wird. 1990 wurde zudem der Regionale Naturpark der Lessinia errichtet\",\"breadcrumb\":{\"@id\":\"https:\/\/www.hotelbrandoli.it\/de\/verona-und-umgebung\/lessinia\/#breadcrumb\"},\"inLanguage\":\"de-DE\",\"potentialAction\":[{\"@type\":\"ReadAction\",\"target\":[\"https:\/\/www.hotelbrandoli.it\/de\/verona-und-umgebung\/lessinia\/\"]}]},{\"@type\":\"BreadcrumbList\",\"@id\":\"https:\/\/www.hotelbrandoli.it\/de\/verona-und-umgebung\/lessinia\/#breadcrumb\",\"itemListElement\":[{\"@type\":\"ListItem\",\"position\":1,\"name\":\"Home\",\"item\":\"https:\/\/www.hotelbrandoli.it\/de\/\"},{\"@type\":\"ListItem\",\"position\":2,\"name\":\"Verona und Umgebung\",\"item\":\"https:\/\/www.hotelbrandoli.it\/de\/verona-e-dintorni\/\"},{\"@type\":\"ListItem\",\"position\":3,\"name\":\"Lessinia\"}]},{\"@type\":\"WebSite\",\"@id\":\"https:\/\/www.hotelbrandoli.it\/de\/#website\",\"url\":\"https:\/\/www.hotelbrandoli.it\/de\/\",\"name\":\"Hotel Brandoli\",\"description\":\"\",\"publisher\":{\"@id\":\"https:\/\/www.hotelbrandoli.it\/de\/#organization\"},\"potentialAction\":[{\"@type\":\"SearchAction\",\"target\":{\"@type\":\"EntryPoint\",\"urlTemplate\":\"https:\/\/www.hotelbrandoli.it\/de\/?s={search_term_string}\"},\"query-input\":\"required name=search_term_string\"}],\"inLanguage\":\"de-DE\"},{\"@type\":\"Organization\",\"@id\":\"https:\/\/www.hotelbrandoli.it\/de\/#organization\",\"name\":\"Hotel Brandoli\",\"url\":\"https:\/\/www.hotelbrandoli.it\/de\/\",\"logo\":{\"@type\":\"ImageObject\",\"inLanguage\":\"de-DE\",\"@id\":\"https:\/\/www.hotelbrandoli.it\/de\/#\/schema\/logo\/image\/\",\"url\":\"https:\/\/www.hotelbrandoli.it\/wp-content\/uploads\/sites\/220\/2025\/02\/logo_brandoli_oriz_c.svg\",\"contentUrl\":\"https:\/\/www.hotelbrandoli.it\/wp-content\/uploads\/sites\/220\/2025\/02\/logo_brandoli_oriz_c.svg\",\"width\":800,\"height\":152,\"caption\":\"Hotel Brandoli\"},\"image\":{\"@id\":\"https:\/\/www.hotelbrandoli.it\/de\/#\/schema\/logo\/image\/\"},\"sameAs\":[\"https:\/\/www.facebook.com\/hotelbrandoli.verona\/\"]}]}<\/script>\n<!-- \/ Yoast SEO plugin. -->","yoast_head_json":{"title":"Lessinia - Hotel Brandoli -","description":"Die Gebirgsregion Lessinia im n\u00f6rdlichen Teil der Provinz von Verona ist gleichbedeutend mit einer weiten Hochebene, die nach Osten hin von der Provinz von Vicenza, nach Westen hin vom Etschtal und nach Norden hin von der Valle di Ronchi begrenzt wird. 1990 wurde zudem der Regionale Naturpark der Lessinia errichtet","robots":{"index":"index","follow":"follow","max-snippet":"max-snippet:-1","max-image-preview":"max-image-preview:large","max-video-preview":"max-video-preview:-1"},"canonical":"https:\/\/www.hotelbrandoli.it\/de\/verona-und-umgebung\/lessinia\/","og_locale":"de_DE","og_type":"article","og_title":"Lessinia - Hotel Brandoli -","og_description":"Die Gebirgsregion Lessinia im n\u00f6rdlichen Teil der Provinz von Verona ist gleichbedeutend mit einer weiten Hochebene, die nach Osten hin von der Provinz von Vicenza, nach Westen hin vom Etschtal und nach Norden hin von der Valle di Ronchi begrenzt wird. 1990 wurde zudem der Regionale Naturpark der Lessinia errichtet","og_url":"https:\/\/www.hotelbrandoli.it\/de\/verona-und-umgebung\/lessinia\/","og_site_name":"Hotel Brandoli","article_publisher":"https:\/\/www.facebook.com\/hotelbrandoli.verona\/","article_modified_time":"2025-03-10T16:02:53+00:00","twitter_card":"summary_large_image","twitter_misc":{"Gesch\u00e4tzte Lesezeit":"3 Minuten"},"schema":{"@context":"https:\/\/schema.org","@graph":[{"@type":"WebPage","@id":"https:\/\/www.hotelbrandoli.it\/de\/verona-und-umgebung\/lessinia\/","url":"https:\/\/www.hotelbrandoli.it\/de\/verona-und-umgebung\/lessinia\/","name":"Lessinia - Hotel Brandoli -","isPartOf":{"@id":"https:\/\/www.hotelbrandoli.it\/de\/#website"},"datePublished":"2025-03-03T10:08:35+00:00","dateModified":"2025-03-10T16:02:53+00:00","description":"Die Gebirgsregion Lessinia im n\u00f6rdlichen Teil der Provinz von Verona ist gleichbedeutend mit einer weiten Hochebene, die nach Osten hin von der Provinz von Vicenza, nach Westen hin vom Etschtal und nach Norden hin von der Valle di Ronchi begrenzt wird. 1990 wurde zudem der Regionale Naturpark der Lessinia errichtet","breadcrumb":{"@id":"https:\/\/www.hotelbrandoli.it\/de\/verona-und-umgebung\/lessinia\/#breadcrumb"},"inLanguage":"de-DE","potentialAction":[{"@type":"ReadAction","target":["https:\/\/www.hotelbrandoli.it\/de\/verona-und-umgebung\/lessinia\/"]}]},{"@type":"BreadcrumbList","@id":"https:\/\/www.hotelbrandoli.it\/de\/verona-und-umgebung\/lessinia\/#breadcrumb","itemListElement":[{"@type":"ListItem","position":1,"name":"Home","item":"https:\/\/www.hotelbrandoli.it\/de\/"},{"@type":"ListItem","position":2,"name":"Verona und Umgebung","item":"https:\/\/www.hotelbrandoli.it\/de\/verona-e-dintorni\/"},{"@type":"ListItem","position":3,"name":"Lessinia"}]},{"@type":"WebSite","@id":"https:\/\/www.hotelbrandoli.it\/de\/#website","url":"https:\/\/www.hotelbrandoli.it\/de\/","name":"Hotel Brandoli","description":"","publisher":{"@id":"https:\/\/www.hotelbrandoli.it\/de\/#organization"},"potentialAction":[{"@type":"SearchAction","target":{"@type":"EntryPoint","urlTemplate":"https:\/\/www.hotelbrandoli.it\/de\/?s={search_term_string}"},"query-input":"required name=search_term_string"}],"inLanguage":"de-DE"},{"@type":"Organization","@id":"https:\/\/www.hotelbrandoli.it\/de\/#organization","name":"Hotel Brandoli","url":"https:\/\/www.hotelbrandoli.it\/de\/","logo":{"@type":"ImageObject","inLanguage":"de-DE","@id":"https:\/\/www.hotelbrandoli.it\/de\/#\/schema\/logo\/image\/","url":"https:\/\/www.hotelbrandoli.it\/wp-content\/uploads\/sites\/220\/2025\/02\/logo_brandoli_oriz_c.svg","contentUrl":"https:\/\/www.hotelbrandoli.it\/wp-content\/uploads\/sites\/220\/2025\/02\/logo_brandoli_oriz_c.svg","width":800,"height":152,"caption":"Hotel Brandoli"},"image":{"@id":"https:\/\/www.hotelbrandoli.it\/de\/#\/schema\/logo\/image\/"},"sameAs":["https:\/\/www.facebook.com\/hotelbrandoli.verona\/"]}]}},"acf":[],"_links":{"self":[{"href":"https:\/\/www.hotelbrandoli.it\/de\/wp-json\/wp\/v2\/pages\/344"}],"collection":[{"href":"https:\/\/www.hotelbrandoli.it\/de\/wp-json\/wp\/v2\/pages"}],"about":[{"href":"https:\/\/www.hotelbrandoli.it\/de\/wp-json\/wp\/v2\/types\/page"}],"author":[{"embeddable":true,"href":"https:\/\/www.hotelbrandoli.it\/de\/wp-json\/wp\/v2\/users\/26"}],"replies":[{"embeddable":true,"href":"https:\/\/www.hotelbrandoli.it\/de\/wp-json\/wp\/v2\/comments?post=344"}],"version-history":[{"count":0,"href":"https:\/\/www.hotelbrandoli.it\/de\/wp-json\/wp\/v2\/pages\/344\/revisions"}],"up":[{"embeddable":true,"href":"https:\/\/www.hotelbrandoli.it\/de\/wp-json\/wp\/v2\/pages\/318"}],"wp:attachment":[{"href":"https:\/\/www.hotelbrandoli.it\/de\/wp-json\/wp\/v2\/media?parent=344"}],"curies":[{"name":"wp","href":"https:\/\/api.w.org\/{rel}","templated":true}]}}